{"id":140,"date":"2018-08-16T13:28:09","date_gmt":"2018-08-16T10:28:09","guid":{"rendered":"http:\/\/ybm.comu.edu.tr\/v5\/?page_id=140"},"modified":"2020-03-16T18:10:14","modified_gmt":"2020-03-16T15:10:14","slug":"hakkimizda","status":"publish","type":"page","link":"https:\/\/ybm.org.tr\/ybm\/hakkimizda\/","title":{"rendered":"Hakk\u0131m\u0131zda"},"content":{"rendered":"<p>Ho\u015fgeldiniz,<\/p>\r\n<p>\u00c7OM\u00dc M\u00fchendislik Fak\u00fcltesi b\u00fcnyesinde kurulan Yer Bilimleri M\u00fczesi, ba\u015fta \u00f6\u011frencilerimiz olmak \u00fczere t\u00fcm do\u011fa severlere y\u00f6nelik olarak \u00e7e\u015fitli t\u00fcrdeki mineral, kaya, de\u011ferli ta\u015flar ve fosillerin bir arada sergilendi\u011fi bir do\u011fa ve yerbilimleri tarihi m\u00fczesi olarak d\u00fc\u015f\u00fcn\u00fclm\u00fc\u015ft\u00fcr.<\/p>\r\n<p>M\u00fcze ama\u00e7l\u0131 koleksiyonun toplanmas\u0131 Eyl\u00fcl 2009 tarihinden itibaren sistematik olarak ba\u015flanm\u0131\u015ft\u0131r. M\u00fczenin ilk kurulumu, Fak\u00fclte binas\u0131 giri\u015f kat\u0131nda 021 no lu odan\u0131n d\u00fczenlenerek 14 sergi dolab\u0131 ile mineral, kaya\u00e7, fosil, s\u00fcs ta\u015flar\u0131 ve \u00f6zel koleksiyonlar\u0131n sergilendi\u011fi mineral ve kaya\u00e7 koleksiyonun 26.12.2010 tarihinde a\u00e7\u0131l\u0131\u015f\u0131 ile ger\u00e7ekle\u015fmi\u015ftir.<\/p>\r\n<p>\u00d6rnek say\u0131lar\u0131n\u0131n artmas\u0131 ve yeni sergi dolaplar\u0131n\u0131n kat\u0131l\u0131m\u0131yla M\u00fchendislik Fak\u00fcltesi Dekanl\u0131\u011f\u0131 taraf\u0131ndan tahsis edilen yeni yerine ta\u015f\u0131narak D\u00fcnya&#8221;n\u0131n ve T\u00fcrkiye&#8221;nin \u00e7e\u015fitli b\u00f6lgelerinden toplanm\u0131\u015f \u00f6rnekler 34 sergi dolab\u0131 i\u00e7inde sergilenmektedir. \u00d6rnekler ile ilgili bilgiler ve katk\u0131 veren ki\u015fi ve\/veya kurumlar\u0131n adlar\u0131 dolaplar\u0131n i\u00e7inde verilmi\u015ftir. M\u00fczemiz, T.C. K\u00fclt\u00fcr ve Turizm Bakanl\u0131\u011f\u0131&#8221;na 27.02.2014 tarihinde ba\u015fvurusunu ger\u00e7ekle\u015ftirerek T.C. K\u00fclt\u00fcr ve Turizm Bakanl\u0131\u011f\u0131, K\u00fclt\u00fcr Varl\u0131klar\u0131 ve M\u00fczeler Genel M\u00fcd\u00fcrl\u00fc\u011f\u00fc taraf\u0131ndan 01.09.2014 tarih 60960384 \u2013 151.01.01 167889 say\u0131l\u0131 yaz\u0131 ile \u201cYerbilimleri ve Do\u011fa Tarihi M\u00fczesi\u201d nin kurulma olur yaz\u0131s\u0131n\u0131 alm\u0131\u015ft\u0131r. 14 Nisan 2015 tarihinden itibaren T.C. K\u00fclt\u00fcr Bakanl\u0131\u011f\u0131 denetiminde \u00f6zel m\u00fcze stat\u00fcs\u00fcnde m\u00fczeler listesinde \u201cYerbilimleri ve Do\u011fa Tarihi M\u00fczesi\u201d olarak yerini alm\u0131\u015ft\u0131r.<\/p>\r\n<p>Yerbilimleri m\u00fczemizde e\u011fitim ama\u00e7l\u0131 g\u00f6sterim odas\u0131 ile Jeofizik ve Jeodezi m\u00fchendisli\u011finde kullan\u0131lan eski ayg\u0131tlardan \u00f6rneklerin sergilendi\u011fi b\u00f6l\u00fcmler de ziyaret\u00e7ilerin ilgisine sunulmu\u015ftur.<\/p>\r\n<p>Yerbilimleri M\u00fczesinin sergi dolaplar\u0131, \u00c7OM\u00dc \u0130dari ve mali \u0130\u015fler Ba\u015fkanl\u0131\u011f\u0131 ve Sa\u011fl\u0131k K\u00fclt\u00fcr ve Spor Dairesi Ba\u015fkanl\u0131klar\u0131n\u0131n destekleri ile al\u0131nm\u0131\u015ft\u0131r.Web sitemiz \u00c7OM\u00dc Enformatik b\u00f6l\u00fcm\u00fc taraf\u0131ndan haz\u0131rlanm\u0131\u015ft\u0131r. Katk\u0131 koyan do\u011fa severlerin adlar\u0131 ilgili ba\u011flant\u0131da ziyaret\u00e7ilerin bilgisine sunulmaktad\u0131r.<\/p>\r\n<p>M\u00fczemiz, gerek \u00f6rneklerin do\u011frudan katk\u0131 olarak verilmesi gerekse \u00f6rnek takas\u0131 yoluyla b\u00fcy\u00fcmesini s\u00fcrd\u00fcrecektir. Katk\u0131 koyan ki\u015fi ve kurulu\u015flara, hem web sayfam\u0131zda hem de sergi salonumuzda bulunan panolarda te\u015fekk\u00fcr edilmektedir. Bu konudaki ayr\u0131nt\u0131l\u0131 bilgi al\u0131m\u0131 i\u00e7in ileti\u015fim sayfam\u0131z arac\u0131l\u0131\u011f\u0131 ile bize ula\u015fabilirsiniz.<\/p>\r\n<p>Dr. Ayten \u00c7al\u0131k<\/p>\r\n<p>Yerbilimleri ve Do\u011fa Tarihi M\u00fcze Sorumlusu<\/p>\r\n<h4>Proje Ekibi<\/h4>\r\n<p><b>Katk\u0131 koyanlar<\/b>:<\/p>\r\n<table style=\"height: 650px;\" border=\"0\" width=\"353\">\r\n<tbody>\r\n<tr>\r\n<td><b>Y\u00f6neten<\/b><\/td>\r\n<th>:<\/th>\r\n<td>Dr. Ayten \u00c7ALIK &amp;\u00a0 Dr. Emin ULUGERGERL\u0130<\/td>\r\n<\/tr>\r\n<tr>\r\n<td><b>Tasar\u0131m<\/b><\/td>\r\n<th width=\"30\">:<\/th>\r\n<td><a href=\"mailto:cyasar@comu.edu.tr\" target=\"_blank\" rel=\"noopener noreferrer\">Cumali YA\u015eAR<\/a><\/td>\r\n<\/tr>\r\n<tr>\r\n<td><b>Kodlama<\/b><\/td>\r\n<th width=\"30\">:<\/th>\r\n<td><a style=\"color: #165389;\">O\u011fuz \u00d6ZKERO\u011eLU<\/a><br \/><a href=\"mailto:cyasar@comu.edu.tr\" target=\"_blank\" rel=\"noopener noreferrer\">Cumali YA\u015eAR<\/a><\/td>\r\n<\/tr>\r\n<tr>\r\n<td><b>Veri Giri\u015fi<\/b><\/td>\r\n<th>:<\/th>\r\n<td>\r\n<p>Dr. Ayten \u00c7ALIK<\/p>\r\n<p>Enes DEL\u0130BALTA<\/p>\r\n<p><a href=\"https:\/\/www.linkedin.com\/in\/elif-%C3%B6zceylan-537487141\/\"> Elif \u00d6ZCEYLAN<\/a><\/p>\r\n<\/td>\r\n<\/tr>\r\n<td><b>E\u011fitim Uygulamalar\u0131<\/b><\/td>\r\n<th>:<\/th>\r\n<td>\r\n<p><a href=\"https:\/\/www.linkedin.com\/in\/elif-%C3%B6zceylan-537487141\/\"> Elif \u00d6ZCEYLAN<\/a><\/p>\r\n<\/td>\r\n<\/tr>\r\n<tr>\r\n<td><b>Mineral-Kaya\u00e7 Foto\u011fraflar\u0131<\/b><\/td>\r\n<th>:<\/th>\r\n<td>Dr. Ayten \u00c7ALIK<\/td>\r\n<\/tr>\r\n<tr>\r\n<td><b>Tan\u0131t\u0131m Fotograflar\u0131<\/b><\/td>\r\n<th>:<\/th>\r\n<td>Dr. Ayten \u00c7ALIK<\/td>\r\n<\/tr>\r\n<tr>\r\n<td><b>\u0130<\/b><b>spanyolca<\/b><\/td>\r\n<th>:<\/th>\r\n<td><a style=\"color: #165389;\" href=\"http:\/\/www.focus.edu.uy\/\">Alicia Barbitta<\/a><\/td>\r\n<\/tr>\r\n<tr>\r\n<td><b>Portekizce<\/b><\/td>\r\n<th>:<\/th>\r\n<td>Flaviana A. Costa<\/td>\r\n<\/tr>\r\n<tr>\r\n<td><strong>Katk\u0131 Koyanlar<\/strong><\/td>\r\n<th>:<\/th>\r\n<td>Kevser T\u0130REL\u0130<br \/>\u0130brahim ALTINOLUK<br \/><a title=\"Kerem Ta\u015fp\u0131nar\" href=\"http:\/\/keremtaspinar.com\/\" target=\"_blank\" rel=\"noopener noreferrer\">Kerem TA\u015ePINAR<\/a>\u00a0<br \/>U\u011furcan I\u015fiko\u00a0<br \/>Batuhan \u015eenkal<br \/>G. Eskin, N. G\u00fcrd\u00fck, A. Tuluk, M. A. \u00dclker\u00a0<\/td>\r\n<\/tr>\r\n<tr>\r\n<td>\u00a0<\/td>\r\n<th>\u00a0<\/th>\r\n<td>\r\n<p>&nbsp;<\/p>\r\n<\/td>\r\n<\/tr>\r\n<\/tbody>\r\n<\/table>\r\n<p>&nbsp;<\/p>\r\n<p><strong><a href=\"https:\/\/www.facebook.com\/groups\/41219393627\/\">Facebook Sayfam\u0131z<\/a><\/strong><\/p>\r\n<p>&nbsp;<\/p>\r\n<p><strong>\u00d6neri<\/strong><\/p>\r\n<p>E-m\u00fcze sayfalar\u0131nda sunulan verilere ek bilgiler i\u00e7in bak\u0131labilecek kaynaklar.<\/p>\r\n<p><a href=\"http:\/\/webmineral.com\/\">http:\/\/webmineral.com\/<\/a><\/p>\r\n<p><a href=\"http:\/\/www.mindat.org\/\">http:\/\/www.mindat.org\/<\/a><\/p>\r\n<p><a href=\"https:\/\/en.wikipedia.org\/\">https:\/\/en.wikipedia.org\/<\/a><\/p>\r\n<p>\u00a0\u00a0\u00a0\u00a0\u00a0\u00a0\u00a0 <a href=\"https:\/\/en.wikipedia.org\/wiki\/List_of_minerals\">https:\/\/en.wikipedia.org\/wiki\/List_of_minerals<\/a><br \/>\u00a0\u00a0\u00a0\u00a0\u00a0\u00a0\u00a0 <a href=\"https:\/\/en.wikipedia.org\/wiki\/List_of_rock_types\">https:\/\/en.wikipedia.org\/wiki\/List_of_rock_types<\/a><br \/>\u00a0\u00a0\u00a0\u00a0\u00a0\u00a0\u00a0<a href=\"https:\/\/en.wikipedia.org\/wiki\/Fossil\"> https:\/\/en.wikipedia.org\/wiki\/Fossil<\/a><br \/>\u00a0\u00a0\u00a0\u00a0\u00a0\u00a0\u00a0 <a href=\"https:\/\/en.wikipedia.org\/wiki\/Category:Seismology_measurement\">https:\/\/en.wikipedia.org\/wiki\/Category:Seismology_measurement<\/a><\/p>\r\n<p><a href=\"http:\/\/www.marinespecies.org\/\">http:\/\/www.marinespecies.org\/<\/a><\/p>\r\n\r\n<p>&nbsp;<\/p>\r\n","protected":false},"excerpt":{"rendered":"<p>Ho\u015fgeldiniz, \u00c7OM\u00dc M\u00fchendislik Fak\u00fcltesi b\u00fcnyesinde kurulan Yer Bilimleri M\u00fczesi, ba\u015fta \u00f6\u011frencilerimiz olmak \u00fczere t\u00fcm do\u011fa severlere y\u00f6nelik olarak \u00e7e\u015fitli t\u00fcrdeki mineral, kaya, de\u011ferli ta\u015flar ve fosillerin bir arada sergilendi\u011fi bir do\u011fa ve yerbilimleri tarihi m\u00fczesi olarak d\u00fc\u015f\u00fcn\u00fclm\u00fc\u015ft\u00fcr. M\u00fcze ama\u00e7l\u0131 koleksiyonun toplanmas\u0131 Eyl\u00fcl 2009 tarihinden itibaren sistematik olarak ba\u015flanm\u0131\u015ft\u0131r. M\u00fczenin ilk kurulumu, Fak\u00fclte binas\u0131 giri\u015f kat\u0131nda [&hellip;]<\/p>\n","protected":false},"author":3,"featured_media":0,"parent":0,"menu_order":0,"comment_status":"closed","ping_status":"closed","template":"","meta":{"footnotes":""},"class_list":["post-140","page","type-page","status-publish","czr-hentry"],"_links":{"self":[{"href":"https:\/\/ybm.org.tr\/ybm\/wp-json\/wp\/v2\/pages\/140","targetHints":{"allow":["GET"]}}],"collection":[{"href":"https:\/\/ybm.org.tr\/ybm\/wp-json\/wp\/v2\/pages"}],"about":[{"href":"https:\/\/ybm.org.tr\/ybm\/wp-json\/wp\/v2\/types\/page"}],"author":[{"embeddable":true,"href":"https:\/\/ybm.org.tr\/ybm\/wp-json\/wp\/v2\/users\/3"}],"replies":[{"embeddable":true,"href":"https:\/\/ybm.org.tr\/ybm\/wp-json\/wp\/v2\/comments?post=140"}],"version-history":[{"count":0,"href":"https:\/\/ybm.org.tr\/ybm\/wp-json\/wp\/v2\/pages\/140\/revisions"}],"wp:attachment":[{"href":"https:\/\/ybm.org.tr\/ybm\/wp-json\/wp\/v2\/media?parent=140"}],"curies":[{"name":"wp","href":"https:\/\/api.w.org\/{rel}","templated":true}]}}