{"id":1867,"date":"2019-03-24T13:47:18","date_gmt":"2019-03-24T10:47:18","guid":{"rendered":"http:\/\/ybm.comu.edu.tr\/v5\/?page_id=1867"},"modified":"2024-05-21T20:13:21","modified_gmt":"2024-05-21T17:13:21","slug":"unimuzed","status":"publish","type":"page","link":"https:\/\/ybm.org.tr\/ybm\/unimuzed\/","title":{"rendered":"Unimuzed"},"content":{"rendered":"<p><strong><br \/>\u00dcniversite M\u00fczeleri Birli\u011fi Platformu<\/strong><\/p>\r\n<p>\u00dcniversite M\u00fczelerini bir araya getirmeyi ama\u00e7layan bir giri\u015fimdir. Prof. Dr. Fethiye ERBAY ve Prof. Dr. Mutlu ERBAY&#8217;\u0131n \u00f6zverileri ile ba\u015flat\u0131lan bu giri\u015fim \u00dcniversiteler b\u00fcnyesinde kurulu olan m\u00fczelerin sorunlar\u0131n\u0131 dile getirdikleri ve bulgular\u0131n\u0131 payla\u015ft\u0131klar\u0131 bir ortam yaratmaktad\u0131r.<\/p>\r\n<p>2014 y\u0131l\u0131ndan beri d\u00fczenlene gelen konferanslarda sunulan bildiriler kitap olarak bas\u0131lmakta ve bilim d\u00fcnyas\u0131n\u0131n kullan\u0131m\u0131na a\u00e7\u0131lmaktad\u0131r.<\/p>\r\n<p>Duyurular i\u00e7in FB sayfas\u0131\u00a0<a class=\"_64-f\" href=\"https:\/\/www.facebook.com\/%C3%9Cniversite-M%C3%BCzeleri-Birli%C4%9Fi-Platformu-1096141420458792\/\">\u00dcniversite M\u00fczeleri Birli\u011fi-Platformu<\/a><\/p>\r\n<p>&nbsp;<\/p>\r\n<p>11.Uluslararas\u0131 \u00dcniversite M\u00fczeleri Birli\u011fi Platformu Kongresi,\u00a0<br \/><br \/><\/p>\r\n<p><img loading=\"lazy\" decoding=\"async\" class=\"alignnone  wp-image-9612\" src=\"https:\/\/ybm.org.tr\/wp-content\/uploads\/2024\/05\/unimbp11.jpg\" alt=\"\" width=\"257\" height=\"321\" srcset=\"https:\/\/ybm.org.tr\/ybm\/wp-content\/uploads\/2024\/05\/unimbp11.jpg 768w, https:\/\/ybm.org.tr\/ybm\/wp-content\/uploads\/2024\/05\/unimbp11-240x300.jpg 240w, https:\/\/ybm.org.tr\/ybm\/wp-content\/uploads\/2024\/05\/unimbp11-570x713.jpg 570w, https:\/\/ybm.org.tr\/ybm\/wp-content\/uploads\/2024\/05\/unimbp11-300x375.jpg 300w, https:\/\/ybm.org.tr\/ybm\/wp-content\/uploads\/2024\/05\/unimbp11-600x750.jpg 600w\" sizes=\"auto, (max-width: 257px) 100vw, 257px\" \/><\/p>\r\n<p>10.Uluslararas\u0131 \u00dcniversite M\u00fczeleri Birli\u011fi Platformu Kongresi,<br \/>8 May\u0131s 2023 tarihinde Bo\u011fazi\u00e7i \u00fcniversitesinde Albert Long Hall &#8216;da\u00a0 ger\u00e7ekle\u015ftirildi.<\/p>\r\n<p><img loading=\"lazy\" decoding=\"async\" class=\"alignnone  wp-image-9607\" src=\"https:\/\/ybm.org.tr\/wp-content\/uploads\/2024\/05\/unimbp10.jpg\" alt=\"\" width=\"294\" height=\"323\" srcset=\"https:\/\/ybm.org.tr\/ybm\/wp-content\/uploads\/2024\/05\/unimbp10.jpg 688w, https:\/\/ybm.org.tr\/ybm\/wp-content\/uploads\/2024\/05\/unimbp10-273x300.jpg 273w, https:\/\/ybm.org.tr\/ybm\/wp-content\/uploads\/2024\/05\/unimbp10-570x626.jpg 570w, https:\/\/ybm.org.tr\/ybm\/wp-content\/uploads\/2024\/05\/unimbp10-300x330.jpg 300w, https:\/\/ybm.org.tr\/ybm\/wp-content\/uploads\/2024\/05\/unimbp10-600x659.jpg 600w\" sizes=\"auto, (max-width: 294px) 100vw, 294px\" \/><\/p>\r\n<p><img loading=\"lazy\" decoding=\"async\" class=\"alignnone  wp-image-9606\" src=\"https:\/\/ybm.org.tr\/wp-content\/uploads\/2024\/05\/unimbp10a-1048x786.jpg\" alt=\"\" width=\"347\" height=\"260\" srcset=\"https:\/\/ybm.org.tr\/ybm\/wp-content\/uploads\/2024\/05\/unimbp10a-1048x786.jpg 1048w, https:\/\/ybm.org.tr\/ybm\/wp-content\/uploads\/2024\/05\/unimbp10a-300x225.jpg 300w, https:\/\/ybm.org.tr\/ybm\/wp-content\/uploads\/2024\/05\/unimbp10a-768x576.jpg 768w, https:\/\/ybm.org.tr\/ybm\/wp-content\/uploads\/2024\/05\/unimbp10a-1536x1152.jpg 1536w, https:\/\/ybm.org.tr\/ybm\/wp-content\/uploads\/2024\/05\/unimbp10a-570x428.jpg 570w, https:\/\/ybm.org.tr\/ybm\/wp-content\/uploads\/2024\/05\/unimbp10a-600x450.jpg 600w, https:\/\/ybm.org.tr\/ybm\/wp-content\/uploads\/2024\/05\/unimbp10a.jpg 2048w\" sizes=\"auto, (max-width: 347px) 100vw, 347px\" \/><\/p>\r\n<p>9.Uluslararas\u0131 \u00dcniversite M\u00fczeleri Birli\u011fi Platformu Kongresi,<br \/>21 -26 Eyl\u00fcl 2022 tarihinde Bo\u011fazi\u00e7i \u00fcniversitesinde Albert Long Hall &#8216;da\u00a0 ger\u00e7ekle\u015ftirildi.<\/p>\r\n<p><img loading=\"lazy\" decoding=\"async\" class=\"alignnone  wp-image-9608\" src=\"https:\/\/ybm.org.tr\/wp-content\/uploads\/2024\/05\/unimbp9-837x1048.jpg\" alt=\"\" width=\"252\" height=\"316\" srcset=\"https:\/\/ybm.org.tr\/ybm\/wp-content\/uploads\/2024\/05\/unimbp9-837x1048.jpg 837w, https:\/\/ybm.org.tr\/ybm\/wp-content\/uploads\/2024\/05\/unimbp9-240x300.jpg 240w, https:\/\/ybm.org.tr\/ybm\/wp-content\/uploads\/2024\/05\/unimbp9-768x962.jpg 768w, https:\/\/ybm.org.tr\/ybm\/wp-content\/uploads\/2024\/05\/unimbp9-570x714.jpg 570w, https:\/\/ybm.org.tr\/ybm\/wp-content\/uploads\/2024\/05\/unimbp9-300x376.jpg 300w, https:\/\/ybm.org.tr\/ybm\/wp-content\/uploads\/2024\/05\/unimbp9-600x751.jpg 600w, https:\/\/ybm.org.tr\/ybm\/wp-content\/uploads\/2024\/05\/unimbp9.jpg 1125w\" sizes=\"auto, (max-width: 252px) 100vw, 252px\" \/><\/p>\r\n<p>8.Uluslararas\u0131 \u00dcniversite M\u00fczeleri Birli\u011fi Platformu Kongresi,<br \/>1 -4 Ekim 2021 tarihinde Bo\u011fazi\u00e7i \u00fcniversitesinde Albert Long Hall &#8216;da\u00a0 ger\u00e7ekle\u015ftirildi.<\/p>\r\n<p><img loading=\"lazy\" decoding=\"async\" class=\"alignnone  wp-image-9609\" src=\"https:\/\/ybm.org.tr\/wp-content\/uploads\/2024\/05\/unimbp8-843x1048.jpg\" alt=\"\" width=\"294\" height=\"365\" srcset=\"https:\/\/ybm.org.tr\/ybm\/wp-content\/uploads\/2024\/05\/unimbp8-843x1048.jpg 843w, https:\/\/ybm.org.tr\/ybm\/wp-content\/uploads\/2024\/05\/unimbp8-241x300.jpg 241w, https:\/\/ybm.org.tr\/ybm\/wp-content\/uploads\/2024\/05\/unimbp8-768x954.jpg 768w, https:\/\/ybm.org.tr\/ybm\/wp-content\/uploads\/2024\/05\/unimbp8-570x708.jpg 570w, https:\/\/ybm.org.tr\/ybm\/wp-content\/uploads\/2024\/05\/unimbp8-300x373.jpg 300w, https:\/\/ybm.org.tr\/ybm\/wp-content\/uploads\/2024\/05\/unimbp8-600x746.jpg 600w, https:\/\/ybm.org.tr\/ybm\/wp-content\/uploads\/2024\/05\/unimbp8.jpg 1125w\" sizes=\"auto, (max-width: 294px) 100vw, 294px\" \/><\/p>\r\n<p>7.Uluslararas\u0131 \u00dcniversite M\u00fczeleri Birli\u011fi Platformu Kongresi,<br \/>\u00a0<\/p>\r\n<p>&nbsp;<\/p>\r\n<p>6.Uluslararas\u0131 \u00dcniversite M\u00fczeleri Birli\u011fi Platformu Kongresi,<br \/>22-23 Nisan 2019 Plovdiv, Bulgaristan<\/p>\r\n<p><a href=\"https:\/\/ybm.comu.edu.tr\/v5\/wp-content\/uploads\/2019\/10\/m\u00fczeler_2019.jpg\"><img loading=\"lazy\" decoding=\"async\" class=\"alignnone size-medium wp-image-5505\" src=\"https:\/\/ybm.comu.edu.tr\/v5\/wp-content\/uploads\/2019\/10\/m\u00fczeler_2019-300x225.jpg\" alt=\"\" width=\"300\" height=\"225\" srcset=\"https:\/\/ybm.org.tr\/ybm\/wp-content\/uploads\/2019\/10\/m\u00fczeler_2019-300x225.jpg 300w, https:\/\/ybm.org.tr\/ybm\/wp-content\/uploads\/2019\/10\/m\u00fczeler_2019-600x450.jpg 600w, https:\/\/ybm.org.tr\/ybm\/wp-content\/uploads\/2019\/10\/m\u00fczeler_2019-64x48.jpg 64w, https:\/\/ybm.org.tr\/ybm\/wp-content\/uploads\/2019\/10\/m\u00fczeler_2019-768x576.jpg 768w, https:\/\/ybm.org.tr\/ybm\/wp-content\/uploads\/2019\/10\/m\u00fczeler_2019-570x428.jpg 570w, https:\/\/ybm.org.tr\/ybm\/wp-content\/uploads\/2019\/10\/m\u00fczeler_2019.jpg 960w\" sizes=\"auto, (max-width: 300px) 100vw, 300px\" \/><\/a><\/p>\r\n<p>&nbsp;<\/p>\r\n<p>5. Uluslararas\u0131 \u00dcniversite M\u00fczeleri Birli\u011fi Platformu Kongresi, Edirne.<br \/>3-5 May\u0131s 2018 tarihleri aras\u0131nda Trakya \u00dcniversitesi, 2. Beyaz\u0131t K\u00fclliyesi Konferans Salonunda ger\u00e7ekle\u015ftirildi.<\/p>\r\n<p><a href=\"https:\/\/ybm.comu.edu.tr\/v5\/wp-content\/uploads\/2019\/10\/m\u00fczeler_edirne.jpg\"><img loading=\"lazy\" decoding=\"async\" class=\"alignnone size-medium wp-image-5506\" src=\"https:\/\/ybm.comu.edu.tr\/v5\/wp-content\/uploads\/2019\/10\/m\u00fczeler_edirne-300x225.jpg\" alt=\"\" width=\"300\" height=\"225\" srcset=\"https:\/\/ybm.org.tr\/ybm\/wp-content\/uploads\/2019\/10\/m\u00fczeler_edirne-300x225.jpg 300w, https:\/\/ybm.org.tr\/ybm\/wp-content\/uploads\/2019\/10\/m\u00fczeler_edirne-600x450.jpg 600w, https:\/\/ybm.org.tr\/ybm\/wp-content\/uploads\/2019\/10\/m\u00fczeler_edirne-64x48.jpg 64w, https:\/\/ybm.org.tr\/ybm\/wp-content\/uploads\/2019\/10\/m\u00fczeler_edirne-768x576.jpg 768w, https:\/\/ybm.org.tr\/ybm\/wp-content\/uploads\/2019\/10\/m\u00fczeler_edirne-570x428.jpg 570w, https:\/\/ybm.org.tr\/ybm\/wp-content\/uploads\/2019\/10\/m\u00fczeler_edirne.jpg 960w\" sizes=\"auto, (max-width: 300px) 100vw, 300px\" \/><\/a><\/p>\r\n<p>&nbsp;<\/p>\r\n<p>4. Uluslararas\u0131 \u00dcniversite M\u00fczeleri Birli\u011fi Platformu Kongresi,<br \/>7-8 Nisan 2017 tarihlerinde, Eski\u015fehir&#8217;de, Anadolu \u00dcniversitesi, \u0130leti\u015fim Bilimleri Fak\u00fcltesi Frig Salonunda ger\u00e7ekle\u015ftirildi.<\/p>\r\n<figure id=\"attachment_2598\" aria-describedby=\"caption-attachment-2598\" style=\"width: 300px\" class=\"wp-caption alignnone\"><a href=\"http:\/\/ybm.comu.edu.tr\/v5\/wp-content\/uploads\/2019\/04\/eskisehiro.jpg\"><img loading=\"lazy\" decoding=\"async\" class=\"wp-image-2598 size-medium\" src=\"http:\/\/ybm.comu.edu.tr\/v5\/wp-content\/uploads\/2019\/04\/eskisehiro-300x169.jpg\" alt=\"\" width=\"300\" height=\"169\" srcset=\"https:\/\/ybm.org.tr\/ybm\/wp-content\/uploads\/2019\/04\/eskisehiro-300x169.jpg 300w, https:\/\/ybm.org.tr\/ybm\/wp-content\/uploads\/2019\/04\/eskisehiro-600x337.jpg 600w, https:\/\/ybm.org.tr\/ybm\/wp-content\/uploads\/2019\/04\/eskisehiro-64x36.jpg 64w, https:\/\/ybm.org.tr\/ybm\/wp-content\/uploads\/2019\/04\/eskisehiro-768x432.jpg 768w, https:\/\/ybm.org.tr\/ybm\/wp-content\/uploads\/2019\/04\/eskisehiro-1024x576.jpg 1024w, https:\/\/ybm.org.tr\/ybm\/wp-content\/uploads\/2019\/04\/eskisehiro-280x157.jpg 280w, https:\/\/ybm.org.tr\/ybm\/wp-content\/uploads\/2019\/04\/eskisehiro-150x84.jpg 150w, https:\/\/ybm.org.tr\/ybm\/wp-content\/uploads\/2019\/04\/eskisehiro.jpg 1080w\" sizes=\"auto, (max-width: 300px) 100vw, 300px\" \/><\/a><figcaption id=\"caption-attachment-2598\" class=\"wp-caption-text\">4. Uluslararas\u0131 \u00dcniversite M\u00fczeleri Birli\u011fi Platformu Kongresi Kat\u0131l\u0131mc\u0131lar\u0131<\/figcaption><\/figure>\r\n<p>Bildiri kitap\u00e7\u0131\u011f\u0131na eri\u015fim i\u00e7in <a href=\"http:\/\/ybm.comu.edu.tr\/wp-content\/uploads\/2019\/10\/\u00f6zet_kitap\u00e7\u0131k_eskisehir2017.pdf\">\u00f6zet_kitap\u00e7\u0131k_eskisehir2017<\/a><\/p>\r\n<p>&nbsp;<\/p>\r\n<p>3. Uluslararas\u0131 \u00dcniversite M\u00fczeleri Konferans\u0131,<br \/>19-21 Nisan 2016 tarihleri aras\u0131nda Trakya \u00dcniversitesi, 2. Beyaz\u0131t K\u00fclliyesi Konferans Salonunda ger\u00e7ekle\u015ftirildi.<\/p>\r\n<p>&nbsp;<\/p>\r\n<p><a href=\"https:\/\/ybm.comu.edu.tr\/v5\/wp-content\/uploads\/2019\/10\/m\u00fczeler_2016.jpg\"><img loading=\"lazy\" decoding=\"async\" class=\"alignnone size-medium wp-image-5503\" src=\"https:\/\/ybm.comu.edu.tr\/v5\/wp-content\/uploads\/2019\/10\/m\u00fczeler_2016-300x225.jpg\" alt=\"\" width=\"300\" height=\"225\" srcset=\"https:\/\/ybm.org.tr\/ybm\/wp-content\/uploads\/2019\/10\/m\u00fczeler_2016-300x225.jpg 300w, https:\/\/ybm.org.tr\/ybm\/wp-content\/uploads\/2019\/10\/m\u00fczeler_2016-600x450.jpg 600w, https:\/\/ybm.org.tr\/ybm\/wp-content\/uploads\/2019\/10\/m\u00fczeler_2016-64x48.jpg 64w, https:\/\/ybm.org.tr\/ybm\/wp-content\/uploads\/2019\/10\/m\u00fczeler_2016-768x576.jpg 768w, https:\/\/ybm.org.tr\/ybm\/wp-content\/uploads\/2019\/10\/m\u00fczeler_2016-570x428.jpg 570w, https:\/\/ybm.org.tr\/ybm\/wp-content\/uploads\/2019\/10\/m\u00fczeler_2016.jpg 960w\" sizes=\"auto, (max-width: 300px) 100vw, 300px\" \/><\/a><\/p>\r\n<p>2. Uluslararas\u0131 \u00dcniversite M\u00fczeleri Birli\u011fi Platformu Kongresi<br \/>28-29 May\u0131s 2015 tarihinde Bo\u011fazi\u00e7i \u00fcniversitesinde Natuk Birkan Binas\u0131nda ger\u00e7ekle\u015ftirildi.<\/p>\r\n<p>&nbsp;<\/p>\r\n<p>1. \u00dcniversite M\u00fczeleri Konferans\u0131, ,<br \/>\u0130stanbul \u00dcniversitesi M\u00fczecilik B\u00f6l\u00fcm\u00fc taraf\u0131ndan organize edilen etkinlik 30 May\u0131s 2014\u00a0 \u0130stanbul&#8217;da Deniz M\u00fczesi\u2018nde ger\u00e7ekle\u015ftirildi.<\/p>\r\n<figure id=\"attachment_2704\" aria-describedby=\"caption-attachment-2704\" style=\"width: 300px\" class=\"wp-caption alignnone\"><a href=\"http:\/\/ybm.comu.edu.tr\/v5\/wp-content\/uploads\/2019\/04\/unimuzed1.jpg\"><img loading=\"lazy\" decoding=\"async\" class=\"wp-image-2704 size-medium\" src=\"http:\/\/ybm.comu.edu.tr\/v5\/wp-content\/uploads\/2019\/04\/unimuzed1-300x199.jpg\" alt=\"\" width=\"300\" height=\"199\" srcset=\"https:\/\/ybm.org.tr\/ybm\/wp-content\/uploads\/2019\/04\/unimuzed1-scaled-300x199.jpg 300w, https:\/\/ybm.org.tr\/ybm\/wp-content\/uploads\/2019\/04\/unimuzed1-scaled-600x398.jpg 600w, https:\/\/ybm.org.tr\/ybm\/wp-content\/uploads\/2019\/04\/unimuzed1-scaled-64x43.jpg 64w, https:\/\/ybm.org.tr\/ybm\/wp-content\/uploads\/2019\/04\/unimuzed1-768x510.jpg 768w, https:\/\/ybm.org.tr\/ybm\/wp-content\/uploads\/2019\/04\/unimuzed1-1024x680.jpg 1024w, https:\/\/ybm.org.tr\/ybm\/wp-content\/uploads\/2019\/04\/unimuzed1-241x160.jpg 241w, https:\/\/ybm.org.tr\/ybm\/wp-content\/uploads\/2019\/04\/unimuzed1-150x100.jpg 150w\" sizes=\"auto, (max-width: 300px) 100vw, 300px\" \/><\/a><figcaption id=\"caption-attachment-2704\" class=\"wp-caption-text\">1. \u00dcniversite M\u00fczeleri Konferans\u0131 kat\u0131l\u0131mc\u0131lar\u0131<\/figcaption><\/figure>\r\n\r\n<p>&nbsp;<\/p>\r\n<p>&nbsp;<\/p>\r\n","protected":false},"excerpt":{"rendered":"<p>\u00dcniversite M\u00fczeleri Birli\u011fi Platformu \u00dcniversite M\u00fczelerini bir araya getirmeyi ama\u00e7layan bir giri\u015fimdir. Prof. Dr. Fethiye ERBAY ve Prof. Dr. Mutlu ERBAY&#8217;\u0131n \u00f6zverileri ile ba\u015flat\u0131lan bu giri\u015fim \u00dcniversiteler b\u00fcnyesinde kurulu olan m\u00fczelerin sorunlar\u0131n\u0131 dile getirdikleri ve bulgular\u0131n\u0131 payla\u015ft\u0131klar\u0131 bir ortam yaratmaktad\u0131r. 2014 y\u0131l\u0131ndan beri d\u00fczenlene gelen konferanslarda sunulan bildiriler kitap olarak bas\u0131lmakta ve bilim d\u00fcnyas\u0131n\u0131n kullan\u0131m\u0131na [&hellip;]<\/p>\n","protected":false},"author":3,"featured_media":0,"parent":0,"menu_order":0,"comment_status":"closed","ping_status":"closed","template":"","meta":{"footnotes":""},"class_list":["post-1867","page","type-page","status-publish","czr-hentry"],"_links":{"self":[{"href":"https:\/\/ybm.org.tr\/ybm\/wp-json\/wp\/v2\/pages\/1867","targetHints":{"allow":["GET"]}}],"collection":[{"href":"https:\/\/ybm.org.tr\/ybm\/wp-json\/wp\/v2\/pages"}],"about":[{"href":"https:\/\/ybm.org.tr\/ybm\/wp-json\/wp\/v2\/types\/page"}],"author":[{"embeddable":true,"href":"https:\/\/ybm.org.tr\/ybm\/wp-json\/wp\/v2\/users\/3"}],"replies":[{"embeddable":true,"href":"https:\/\/ybm.org.tr\/ybm\/wp-json\/wp\/v2\/comments?post=1867"}],"version-history":[{"count":6,"href":"https:\/\/ybm.org.tr\/ybm\/wp-json\/wp\/v2\/pages\/1867\/revisions"}],"predecessor-version":[{"id":9613,"href":"https:\/\/ybm.org.tr\/ybm\/wp-json\/wp\/v2\/pages\/1867\/revisions\/9613"}],"wp:attachment":[{"href":"https:\/\/ybm.org.tr\/ybm\/wp-json\/wp\/v2\/media?parent=1867"}],"curies":[{"name":"wp","href":"https:\/\/api.w.org\/{rel}","templated":true}]}}